{"id":653,"date":"2023-04-19T12:56:38","date_gmt":"2023-04-19T12:56:38","guid":{"rendered":"https:\/\/coaching-malkommunikation.de\/?page_id=653"},"modified":"2023-04-19T12:59:16","modified_gmt":"2023-04-19T12:59:16","slug":"impressum","status":"publish","type":"page","link":"https:\/\/coaching-malkommunikation.de\/index.php\/impressum\/","title":{"rendered":"Impressum"},"content":{"rendered":"\t\t<div data-elementor-type=\"wp-page\" data-elementor-id=\"653\" class=\"elementor elementor-653\">\n\t\t\t\t\t\t\t\t\t<section class=\"elementor-section elementor-top-section elementor-element elementor-element-da759ce elementor-section-boxed elementor-section-height-default elementor-section-height-default\" data-id=\"da759ce\" data-element_type=\"section\">\n\t\t\t\t\t\t<div class=\"elementor-container elementor-column-gap-default\">\n\t\t\t\t\t<div class=\"elementor-column elementor-col-100 elementor-top-column elementor-element elementor-element-c02b5a2\" data-id=\"c02b5a2\" data-element_type=\"column\">\n\t\t\t<div class=\"elementor-widget-wrap elementor-element-populated\">\n\t\t\t\t\t\t\t\t<div class=\"elementor-element elementor-element-cde0e1f elementor-widget elementor-widget-text-editor\" data-id=\"cde0e1f\" data-element_type=\"widget\" data-widget_type=\"text-editor.default\">\n\t\t\t\t<div class=\"elementor-widget-container\">\n\t\t\t<style>\/*! elementor - v3.12.1 - 02-04-2023 *\/\n.elementor-widget-text-editor.elementor-drop-cap-view-stacked .elementor-drop-cap{background-color:#69727d;color:#fff}.elementor-widget-text-editor.elementor-drop-cap-view-framed .elementor-drop-cap{color:#69727d;border:3px solid;background-color:transparent}.elementor-widget-text-editor:not(.elementor-drop-cap-view-default) .elementor-drop-cap{margin-top:8px}.elementor-widget-text-editor:not(.elementor-drop-cap-view-default) .elementor-drop-cap-letter{width:1em;height:1em}.elementor-widget-text-editor .elementor-drop-cap{float:left;text-align:center;line-height:1;font-size:50px}.elementor-widget-text-editor .elementor-drop-cap-letter{display:inline-block}<\/style>\t\t\t\t<div><h4>Angaben gem\u00e4\u00df \u00a7 5\u00a0TMG:<\/h4><p>Sabine Keim<br \/>Sachsenweiler Str.\u00a011<br \/>71522 Backnang<\/p><p><strong><em>Vertreten durch:<\/em><\/strong><\/p><p>Gesch\u00e4ftsf\u00fchrerin Sabine Keim<\/p><p><em><strong>Kontakt:<\/strong><\/em><\/p><p>Sabine Keim<br \/>Sachsenweiler Str.\u00a011<br \/>71522 Backnang<br \/>Telefon: 01575 8056684<br \/>E\u2011Mail: sabine@graja-tours.de<\/p><p><em><strong>Registereintrag:<\/strong><\/em><\/p><p>Stuttgart\u00a0HRB 760130<\/p><p><em><strong>Steuernummer:<\/strong><\/em><\/p><p>51047\u201324349<\/p><p><em><strong>Aufsichtsbeh\u00f6rde:<\/strong><\/em><\/p><p><strong>Stadt Backnang<\/strong><\/p><p><strong>Bezeichnung:<\/strong> Reiseveranstalter<br \/><strong>Zust\u00e4ndige Kammer:<\/strong> IHK Stuttgart<\/p><p><em><strong>Angaben zur Haftpflichtversicherung:<\/strong><\/em><\/p><p>Name und Sitz der Gesellschaft:\u00a0R+V Allgemeine Versicherung AG \u2014\u00a0Raiffeisenplalz 1 \u2014\u00a065189 Wiesbaden<\/p><p>Geltungsraum der Versicherung: weltweit<\/p><p><em><strong>Kontoverbindung:<\/strong><\/em><\/p><p>VR Bank T\u00fcbingen\u00a0eG<\/p><p>IBAN DE37 6406 1854 0020 9520 07 BIC GENODES1STW<\/p><p>Kontoinhaber : Sabine Keim<\/p><p><em><strong>Verantwortlich f\u00fcr den Inhalt nach \u00a7 55 Abs. 2\u00a0RStV:<\/strong><\/em><\/p><p>Sabine Keim<\/p><p><em><strong>Hinweis auf EU-Streitschlichtung<\/strong><\/em><\/p><p>Die Europ\u00e4ische Kommission stellt eine Plattform zur Online-Streitbeilegung (OS) bereit: <a href=\"http:\/\/ec.europa.eu\/consumers\/odr\" target=\"_blank\" rel=\"noopener noreferrer\">http:\/\/ec.europa.eu\/consumers\/odr<\/a><br \/>Unsere E\u2011Mail-Adresse finden sie oben im Impressum.<\/p><p>Quelle: <em><a href=\"https:\/\/www.e-recht24.de\" target=\"_blank\" rel=\"noopener noreferrer\">eRecht24<\/a><\/em><\/p><hr \/><h4>\u00a0<\/h4><h4>Haftungsausschluss (Disclaimer)<\/h4><h5>Haftung f\u00fcr Inhalte<\/h5><p>Als Dienstanbieter sind wir gem\u00e4\u00df \u00a7 7 Abs.1 TMG f\u00fcr eigene Inhalte auf diesen Seiten nach den allgemeinen Gesetzen verantwortlich.<br \/>Nach \u00a7\u00a7 8 bis 10 TMG sind wir als Dienstanbieter jedoch nicht verpflichtet,<br \/>\u00fcbermittelte oder gespeicherte fremde Informationen zu \u00fcberwachen oder nach Umst\u00e4nden zu forschen,<br \/>die auf eine rechtswidrige T\u00e4tigkeit hinweisen.<\/p><p>Verpflichtungen zur Entfernung oder Sperrung der Nutzung von Informationen nach den allgemeinen Gesetzen bleiben hiervon unber\u00fchrt.<br \/>Eine diesbez\u00fcgliche Haftung ist jedoch erst ab dem Zeitpunkt der Kenntnis einer konkreten Rechtsverletzung m\u00f6glich.<br \/>Bei Bekanntwerden von entsprechenden Rechtsverletzungen werden wir diese Inhalte umgehend entfernen.<\/p><h5>Haftung f\u00fcr\u00a0Links<\/h5><p>Unser Angebot enth\u00e4lt Links zu externen Webseiten Dritter, auf deren Inhalte wir keinen Einfluss\u00a0haben.<br \/>Deshalb k\u00f6nnen wir f\u00fcr diese fremden Inhalte auch keine Gew\u00e4hr \u00fcbernehmen.<br \/>F\u00fcr die Inhalte der verlinkten Seiten ist stets der jeweilige Anbieter oder Betreiber der Seiten verantwortlich.<br \/>Die verlinkten Seiten wurden zum Zeitpunkt der Verlinkung auf m\u00f6gliche Rechtsverst\u00f6\u00dfe \u00fcberpr\u00fcft.<br \/>Rechtswidrige Inhalte waren zum Zeitpunkt der Verlinkung nicht erkennbar.<\/p><p>Eine permanente inhaltliche Kontrolle der verlinkten Seiten ist jedoch ohne konkrete Anhaltspunkte einer Rechtsverletzung nicht zumutbar.<br \/>Bei Bekanntwerden von Rechtsverletzungen werden wir derartige Links umgehend entfernen.<\/p><h5>Urheberrecht<\/h5><p>Die durch die Seitenbetreiber erstellten Inhalte und Werke auf diesen Seiten unterliegen dem deutschen Urheberrecht.<br \/>Die Vervielf\u00e4ltigung, Bearbeitung, Verbreitung und jede Art der Verwertung au\u00dferhalb der Grenzen des Urheberrechtes bed\u00fcrfen der schriftlichen Zustimmung des jeweiligen Autors bzw. Erstellers.<br \/>Downloads und Kopien dieser Seite sind nur f\u00fcr den privaten, nicht kommerziellen Gebrauch gestattet.<\/p><p>Soweit die Inhalte auf dieser Seite nicht vom Betreiber erstellt wurden, werden die Urheberrechte Dritter beachtet.<br \/>Insbesondere werden Inhalte Dritter als solche gekennzeichnet. Sollten Sie trotzdem auf eine Urheberrechtsverletzung aufmerksam werden,<br \/>bitten wir um einen entsprechenden Hinweis. Bei Bekanntwerden von Rechtsverletzungen werden wir derartige Inhalte umgehend entfernen.<\/p><\/div>\t\t\t\t\t\t<\/div>\n\t\t\t\t<\/div>\n\t\t\t\t\t<\/div>\n\t\t<\/div>\n\t\t\t\t\t\t\t<\/div>\n\t\t<\/section>\n\t\t\t\t\t\t\t<\/div>\n\t\t","protected":false},"excerpt":{"rendered":"<p>Angaben gem\u00e4\u00df \u00a7 5\u00a0TMG: Sabine KeimSachsenweiler Str.\u00a01171522 Backnang Vertreten durch: Gesch\u00e4ftsf\u00fchrerin Sabine Keim Kontakt: Sabine KeimSachsenweiler Str.\u00a01171522 BacknangTelefon: 01575 8056684E\u2011Mail: sabine@graja-tours.de Registereintrag: Stuttgart\u00a0HRB 760130 Steuernummer: 51047\u201324349 Aufsichtsbeh\u00f6rde: Stadt Backnang Bezeichnung: ReiseveranstalterZust\u00e4ndige Kammer: IHK Stuttgart Angaben zur Haftpflichtversicherung: Name und Sitz der Gesellschaft:\u00a0R+V Allgemeine Versicherung AG \u2014\u00a0Raiffeisenplalz 1 \u2014\u00a065189 Wiesbaden Geltungsraum der Versicherung: weltweit Kontoverbindung: VR &hellip;<\/p>\n<p class=\"read-more\"> <a class=\"\" href=\"https:\/\/coaching-malkommunikation.de\/index.php\/impressum\/\"> <span class=\"screen-reader-text\">Impressum<\/span> Weiterlesen &raquo;<\/a><\/p>\n","protected":false},"author":1,"featured_media":0,"parent":0,"menu_order":0,"comment_status":"closed","ping_status":"closed","template":"","meta":{"site-sidebar-layout":"no-sidebar","site-content-layout":"page-builder","ast-global-header-display":"","ast-main-header-display":"","ast-hfb-above-header-display":"","ast-hfb-below-header-display":"","ast-hfb-mobile-header-display":"","site-post-title":"disabled","ast-breadcrumbs-content":"","ast-featured-img":"disabled","footer-sml-layout":"","theme-transparent-header-meta":"","adv-header-id-meta":"","stick-header-meta":"","header-above-stick-meta":"","header-main-stick-meta":"","header-below-stick-meta":"","footnotes":""},"class_list":["post-653","page","type-page","status-publish","hentry"],"_links":{"self":[{"href":"https:\/\/coaching-malkommunikation.de\/index.php\/wp-json\/wp\/v2\/pages\/653","targetHints":{"allow":["GET"]}}],"collection":[{"href":"https:\/\/coaching-malkommunikation.de\/index.php\/wp-json\/wp\/v2\/pages"}],"about":[{"href":"https:\/\/coaching-malkommunikation.de\/index.php\/wp-json\/wp\/v2\/types\/page"}],"author":[{"embeddable":true,"href":"https:\/\/coaching-malkommunikation.de\/index.php\/wp-json\/wp\/v2\/users\/1"}],"replies":[{"embeddable":true,"href":"https:\/\/coaching-malkommunikation.de\/index.php\/wp-json\/wp\/v2\/comments?post=653"}],"version-history":[{"count":5,"href":"https:\/\/coaching-malkommunikation.de\/index.php\/wp-json\/wp\/v2\/pages\/653\/revisions"}],"predecessor-version":[{"id":670,"href":"https:\/\/coaching-malkommunikation.de\/index.php\/wp-json\/wp\/v2\/pages\/653\/revisions\/670"}],"wp:attachment":[{"href":"https:\/\/coaching-malkommunikation.de\/index.php\/wp-json\/wp\/v2\/media?parent=653"}],"curies":[{"name":"wp","href":"https:\/\/api.w.org\/{rel}","templated":true}]}}